{"id":1963,"date":"2020-04-14T11:24:22","date_gmt":"2020-04-14T14:24:22","guid":{"rendered":"http:\/\/www.indaial.sc.gov.br\/empreendedor\/?page_id=1963"},"modified":"2021-12-08T11:30:37","modified_gmt":"2021-12-08T14:30:37","slug":"indaial-juro-zero","status":"publish","type":"page","link":"http:\/\/www.indaial.sc.gov.br\/empreendedor\/index.php\/indaial-juro-zero\/","title":{"rendered":"Indaial Juro Zero"},"content":{"rendered":"<div data-colibri-id=\"1963-c1\" class=\"style-2111 style-local-1963-c1 position-relative\">\n  <!---->\n  <div data-colibri-component=\"section\" data-colibri-id=\"1963-c2\" id=\"initial-content\" class=\"h-section h-section-global-spacing d-flex align-items-lg-center align-items-md-center align-items-center style-2112 style-local-1963-c2 position-relative\">\n    <!---->\n    <!---->\n    <div class=\"h-section-grid-container h-section-boxed-container\">\n      <!---->\n      <div data-colibri-id=\"1963-c6\" class=\"h-row-container gutters-row-lg-2 gutters-row-md-2 gutters-row-0 gutters-row-v-lg-2 gutters-row-v-md-2 gutters-row-v-2 style-2116 style-local-1963-c6 position-relative\">\n        <!---->\n        <div class=\"h-row justify-content-lg-center justify-content-md-center justify-content-center align-items-lg-stretch align-items-md-stretch align-items-stretch gutters-col-lg-2 gutters-col-md-2 gutters-col-0 gutters-col-v-lg-2 gutters-col-v-md-2 gutters-col-v-2\">\n          <!---->\n          <div class=\"h-column h-column-container d-flex h-col-lg-auto h-col-md-auto h-col-auto style-2117-outer style-local-1963-c7-outer\">\n            <div data-colibri-id=\"1963-c7\" class=\"d-flex h-flex-basis h-column__inner h-px-lg-2 h-px-md-2 h-px-2 v-inner-lg-2 v-inner-md-2 v-inner-2 style-2117 style-local-1963-c7 position-relative\">\n              <!---->\n              <!---->\n              <div class=\"w-100 h-y-container h-column__content h-column__v-align flex-basis-100 align-self-lg-start align-self-md-start align-self-start\">\n                <!---->\n                <div data-colibri-id=\"1963-c8\" class=\"h-global-transition-all h-heading style-2118 style-local-1963-c8 position-relative h-element\">\n                  <!---->\n                  <div class=\"h-heading__outer style-2118 style-local-1963-c8\">\n                    <!---->\n                    <!---->\n                    <h1 class=\"\">Programa suspenso<\/h1>\n                  <\/div>\n                <\/div>\n              <\/div>\n            <\/div>\n          <\/div>\n        <\/div>\n      <\/div>\n      <div data-colibri-id=\"1963-c3\" class=\"h-row-container gutters-row-lg-2 gutters-row-md-2 gutters-row-0 gutters-row-v-lg-2 gutters-row-v-md-2 gutters-row-v-2 style-2113 style-local-1963-c3 position-relative\">\n        <!---->\n        <div class=\"h-row justify-content-lg-center justify-content-md-center justify-content-center align-items-lg-stretch align-items-md-stretch align-items-stretch gutters-col-lg-2 gutters-col-md-2 gutters-col-0 gutters-col-v-lg-2 gutters-col-v-md-2 gutters-col-v-2\">\n          <!---->\n          <div class=\"h-column h-column-container d-flex h-col-lg-auto h-col-md-auto h-col-auto style-2114-outer style-local-1963-c4-outer\">\n            <div data-colibri-id=\"1963-c4\" class=\"d-flex h-flex-basis h-column__inner h-px-lg-2 h-px-md-2 h-px-2 v-inner-lg-2 v-inner-md-2 v-inner-2 style-2114 style-local-1963-c4 position-relative\">\n              <!---->\n              <!---->\n              <div class=\"w-100 h-y-container h-column__content h-column__v-align flex-basis-100 align-self-lg-start align-self-md-start align-self-start\">\n                <!---->\n                <div data-colibri-id=\"1963-c5\" class=\"style-2115 style-local-1963-c5 position-relative h-element\">\n                  <!---->\n                  <div>\n                    \n                    <div class=\"wp-block-image\">\n                      <figure class=\"aligncenter size-large\">\n                        <img fetchpriority=\"high\" decoding=\"async\" width=\"591\" height=\"305\" src=\"http:\/\/www.indaial.sc.gov.br\/empreendedor\/wp-content\/uploads\/2020\/04\/Logo-Horizontal.jpg\" alt=\"\" class=\"wp-image-1965\" srcset=\"http:\/\/www.indaial.sc.gov.br\/empreendedor\/wp-content\/uploads\/2020\/04\/Logo-Horizontal.jpg 591w, http:\/\/www.indaial.sc.gov.br\/empreendedor\/wp-content\/uploads\/2020\/04\/Logo-Horizontal-300x155.jpg 300w\" sizes=\"(max-width: 591px) 100vw, 591px\" \/>\n                      <\/figure>\n                    <\/div>\n                    \n\n                    \n                    <div class=\"wp-block-group\">\n                      <div class=\"wp-block-group__inner-container is-layout-flow wp-block-group-is-layout-flow\">\n                        \n                        <h4 class=\"has-text-align-center wp-block-heading\">O munic\u00edpio de Indaial com o intuito de auxiliar os empreendedores da cidade a superarem a crise gerada pelo per\u00edodo de quarentena instituiu, por meio da\n                          <a rel=\"noreferrer noopener\" href=\"https:\/\/leismunicipais.com.br\/a1\/sc\/i\/indaial\/lei-ordinaria\/2020\/578\/5775\/lei-ordinaria-n-5775-2020-institui-o-programa-de-apoio-ao-empreendedorismo-juro-zero?q=5775\" target=\"_blank\">Lei Municipal 5775\/2020<\/a>, o programa <strong><em>Indaial Juro Zero<\/em><\/strong>, o qual disponibilizar\u00e1 o financiamento, \u00e0s empresas ME, de at\u00e9 R$ 10 mil e, aos MEI\u00b4s, de at\u00e9 R$ 5 mil sem juros com a possibilidade de parcelamento\n                          do valor em at\u00e9 13 vezes e o contribuinte ter\u00e1 um prazo de car\u00eancia de 90 dias para pagamento da primeira parcela, para tanto as empresas devem apresentar os documentos abaixo.<\/h4>\n                        \n\n                        \n                        <p>PARA FICAR POR DENTRO DAS INFORMA\u00c7\u00d5ES, TANTO DO PROGRAMA INDAIAL JUROS ZERO, QUANTO DE OUTRAS A\u00c7\u00d5ES DA SALA DO EMPREENDEDOR SUGERIMOS A PARTICIPA\u00c7\u00c3O NO GRUPO DE WHATSAPP DA SALA DO EMPREENDEDOR (\n                          <a rel=\"noreferrer noopener\" href=\"https:\/\/chat.whatsapp.com\/FbsmhgqGrDT7IgDSH4OFid\" target=\"_blank\">ENTRAR NO GRUPO WHATSAPP<\/a>) OU, CASO ELE ESTEJA CHEIO, O GRUPO DA SALA NO APLICATIVO TELEGRAM (\n                          <a rel=\"noreferrer noopener\" href=\"https:\/\/t.me\/saladoempreendedordeindaial\" target=\"_blank\">ENTRAR NO GRUPO TEELGRAM<\/a>).<\/p>\n                        \n                      <\/div>\n                    <\/div>\n                    \n\n                    \n                    <h3 class=\"has-text-align-center wp-block-heading\"><strong><span class=\"has-inline-color has-colibri-color-2-color\">O Microempreendedor Individual \u2013 MEI dever\u00e1 apresentar os seguintes documentos:<\/span><\/strong><\/h3>\n                    \n\n                    \n                    <p>a)\n                      <a href=\"http:\/\/www22.receita.fazenda.gov.br\/inscricaomei\/private\/pages\/certificado_acesso.jsf\" target=\"_blank\" rel=\"noreferrer noopener\">Certificado de Microempreendedor Individual <\/a>no munic\u00edpio de Indaial;\n                      <br>b) Comprovante de regularidade fiscal\n                      <a rel=\"noreferrer noopener\" href=\"http:\/\/servicos.receita.fazenda.gov.br\/Servicos\/certidao\/CndConjuntaInter\/InformaNICertidao.asp?Tipo=1\" target=\"_blank\">Federal<\/a>,\n                      <a rel=\"noreferrer noopener\" href=\"https:\/\/tributario.sef.sc.gov.br\/tax.NET\/Sat.CtaCte.Web\/SolicitacaoCnd.aspx\" target=\"_blank\">Estadual<\/a> e\n                      <a rel=\"noreferrer noopener\" href=\"https:\/\/indaial.atende.net\/?pg=autoatendimento#!\/tipo\/servico\/valor\/36\/padrao\/1\/load\/1\" target=\"_blank\">Municipal<\/a> (CND);\n                      <br>c)\n                      <a rel=\"noreferrer noopener\" href=\"http:\/\/www.indaial.sc.gov.br\/empreendedor\/wp-content\/uploads\/2020\/04\/DECLARACAO-DE-OBJETIVO.pdf\" target=\"_blank\">Declara\u00e7\u00e3o do Objetivo e finalidade de aplica\u00e7\u00e3o do recurso financeiro captado<\/a>;\n                      <br>d) C\u00f3pia da Declara\u00e7\u00e3o Anual de Faturamento;\n                      <br>e)\n                      <a rel=\"noreferrer noopener\" href=\"http:\/\/www.indaial.sc.gov.br\/empreendedor\/wp-content\/uploads\/2020\/04\/TERMO_ADESAO.pdf\" target=\"_blank\">Termo de Ades\u00e3o<\/a>.<\/p>\n                    \n\n                    \n                    <p><\/p>\n                    \n\n                    \n                    <h3 class=\"has-text-align-center wp-block-heading\"><span class=\"has-inline-color has-colibri-color-2-color\"><strong>O Empreendedor de Microempresa \u2013 ME dever\u00e1 apresentar os seguintes documentos:<\/strong><\/span><\/h3>\n                    \n\n                    \n                    <p>a) Comprovante de Inscri\u00e7\u00e3o e de Situa\u00e7\u00e3o Cadastral (\n                      <a href=\"http:\/\/servicos.receita.fazenda.gov.br\/Servicos\/cnpjreva\/Cnpjreva_Solicitacao.asp?cnpj=\" target=\"_blank\" rel=\"noreferrer noopener\">CNPJ<\/a>);\n                      <br>b) Contrato Social e suas altera\u00e7\u00f5es;\n                      <br>c) Comprovante de regularidade fiscal para com as\n                      <a href=\"http:\/\/servicos.receita.fazenda.gov.br\/Servicos\/certidao\/CndConjuntaInter\/InformaNICertidao.asp?Tipo=1\" target=\"_blank\" rel=\"noreferrer noopener\">Fazendas Federal<\/a>,\n                      <a href=\"https:\/\/tributario.sef.sc.gov.br\/tax.NET\/Sat.CtaCte.Web\/SolicitacaoCnd.aspx\" target=\"_blank\" rel=\"noreferrer noopener\">Estadual<\/a> e\n                      <a href=\"https:\/\/indaial.atende.net\/?pg=autoatendimento#!\/tipo\/servico\/valor\/36\/padrao\/1\/load\/1\" target=\"_blank\" rel=\"noreferrer noopener\">Municipal<\/a> (CND);\n                      <br>d) Inscri\u00e7\u00e3o Municipal (\n                      <a href=\"https:\/\/indaial.atende.net\/?pg=autoatendimento#!\/tipo\/servico\/valor\/109\/padrao\/1\/load\/1\" target=\"_blank\" rel=\"noreferrer noopener\">CMC<\/a>)\n                      <br>e)\n                      <a href=\"http:\/\/www.indaial.sc.gov.br\/empreendedor\/wp-content\/uploads\/2020\/04\/DECLARACAO-DE-OBJETIVO.pdf\" target=\"_blank\" rel=\"noreferrer noopener\"> Declara\u00e7\u00e3o do objeto e \ufb01nalidade de aplica\u00e7\u00e3o do recurso \ufb01nanceiro a ser captado<\/a>;\n                      <br>f)\n                      <a href=\"http:\/\/www.indaial.sc.gov.br\/empreendedor\/wp-content\/uploads\/2020\/04\/TERMO_ADESAO.pdf\" target=\"_blank\" rel=\"noreferrer noopener\"> Termo de Ades\u00e3o<\/a>.<\/p>\n                    \n\n                    \n                    <p><\/p>\n                    \n\n                    \n                    <div class=\"wp-block-group\">\n                      <div class=\"wp-block-group__inner-container is-layout-flow wp-block-group-is-layout-flow\">\n                        \n                        <h3 class=\"has-text-align-center wp-block-heading\"><span class=\"has-inline-color has-colibri-color-2-color\"><strong>O Profissional Aut\u00f4nomo dever\u00e1 apresentar os seguintes documentos:<\/strong><\/span><\/h3>\n                        \n                      <\/div>\n                    <\/div>\n                    \n\n                    \n                    <p>a) C\u00f3pia dos Documentos Pessoais;\n                      <br>b) Comprovante de regularidade fiscal municipal (\n                      <a href=\"https:\/\/indaial.atende.net\/?pg=autoatendimento#!\/tipo\/servico\/valor\/36\/padrao\/1\/load\/1\" target=\"_blank\" rel=\"noreferrer noopener\">CND<\/a>);\n                      <br>b) Inscri\u00e7\u00e3o Municipal (\n                      <a href=\"https:\/\/indaial.atende.net\/?pg=autoatendimento#!\/tipo\/servico\/valor\/109\/padrao\/1\/load\/1\" target=\"_blank\" rel=\"noreferrer noopener\">CMC<\/a>);\n                      <br>c) Comprovante de resid\u00eancia atualizado;\n                      <br>d)\n                      <a href=\"http:\/\/www.indaial.sc.gov.br\/empreendedor\/wp-content\/uploads\/2020\/04\/DECLARACAO-DE-OBJETIVO.pdf\" target=\"_blank\" rel=\"noreferrer noopener\"> Declara\u00e7\u00e3o do objeto e \ufb01nalidade de aplica\u00e7\u00e3o do recurso \ufb01nanceiro a ser captado<\/a>;\n                      <br>e)\n                      <a href=\"http:\/\/www.indaial.sc.gov.br\/empreendedor\/wp-content\/uploads\/2020\/04\/TERMO_ADESAO.pdf\" target=\"_blank\" rel=\"noreferrer noopener\">Termo de Ades\u00e3o<\/a>.<\/p>\n                    \n\n                    \n                    <p><\/p>\n                    \n\n                    \n                    <p><strong><em><span style=\"color:#ec0c10\" class=\"has-inline-color\">Aten\u00e7\u00e3o:<\/span><\/em><\/strong> A apresenta\u00e7\u00e3o dos documentos acima n\u00e3o impede que a institui\u00e7\u00e3o \ufb01nanceira os solicite novamente e\/ou requeira outros.<\/p>\n                    \n\n                    \n                    <h2 class=\"has-text-align-center wp-block-heading\"><span class=\"has-inline-color has-colibri-color-2-color\"><strong>Agendamento<\/strong> &#8211; Em Espera<\/span><\/h2>\n                    \n\n                    \n                    <div class=\"wp-block-booking-booking\"> <div id=\"form_id366153562262\" class=\"wpbc_container wpbc_form wpbc_container_booking_form \" ><form id=\"booking_form1\" class=\"booking_form vertical\" method=\"post\" action=\"\"><div id=\"ajax_respond_insert1\" class=\"ajax_respond_insert\" style=\"display:none;\"><\/div><a name=\"bklnk1\" id=\"bklnk1\"><\/a><div id=\"booking_form_div1\" class=\"booking_form_div\"><style type=\"text\/css\">.wpbc_container_booking_form .block_hints, .wpbc_booking_form_simple.wpbc_form_center .wpbc__form__div .wpbc__row.wpbc_r_calendar, .wpbc_booking_form_simple .wpbc__form__div .wpbc__row:not(.wpbc_r_calendar){max-width:100%;} <\/style>\n<div class=\"wpbc_booking_form_simple \">\n<div class=\"wpbc__form__div\">\n\t\t\t<div class=\"wpbc_r_calendar wpbc__row\">\n\t\t\t\t<div class=\"wpbc_r_calendar wpbc__field\"> <label><\/label><br><div class=\"wpbc_calendar_wraper wpbc_change_over_triangle wpbc_calendar_skin_legacy\"><div class=\"wpbc_cal_container bk_calendar_frame wpbc_no_custom_width  months_num_in_row_ cal_month_num_1 wpbc_timeslot_day_bg_as_available\" style=\"\"><div id=\"calendar_booking1\"  class=\"wpbc_calendar_id_1\" >\t<div class=\"calendar_loader_frame calendar_loader_frame1\"\r\n\t\tdata-wpbc-rid=\"1\"\r\n\t\tdata-wpbc-grace=\"8000\"\r\n\t\tstyle=\"--wpbc-loader-cols: 1;\"\r\n\t>\r\n\t\t<div class=\"calendar_loader_text\">Loading...<\/div>\r\n\t\t<div class=\"calendar_loader_frame__progress_line_container\">\r\n\t\t\t<div class=\"calendar_loader_frame__progress_line\"><\/div>\r\n\t\t<\/div>\r\n\t<\/div>\r\n\t<\/div><\/div><div style=\"font-size:7px;text-align:left;margin:0 0 10px;text-shadow: none;\">Powered by <a href=\"https:\/\/wpbookingcalendar.com\" style=\"font-size:7px;\" target=\"_blank\" title=\"Booking Calendar plugin for WordPress\">Booking Calendar<\/a><\/div><textarea id=\"date_booking1\" name=\"date_booking1\" autocomplete=\"off\" style=\"display:none;\"><\/textarea><\/div> <\/div>\n\t\t\t<\/div>\n\t\t\t<div class=\"wpbc__row\">\n\t\t\t\t<div class=\"wpbc_r_name wpbc__field\"> <label>Raz\u00e3o Social*<\/label><br><span class=\"wpbc_wrap_text wpdev-form-control-wrap name1\"><input type=\"text\" name=\"name1\" value=\"\" autocomplete=\"name\" class=\"wpdev-validates-as-required\" size=\"40\" \/><\/span> <\/div>\n\n\t\t\t\t<div class=\"wpbc_r_secondname wpbc__field\"> <label>CNPJ*<\/label><br><span class=\"wpbc_wrap_text wpdev-form-control-wrap secondname1\"><input type=\"text\" name=\"secondname1\" value=\"\" autocomplete=\"secondname\" class=\"wpdev-validates-as-required\" size=\"40\" \/><\/span> <\/div>\n\t\t\t<\/div>\n\t\t\t<div class=\"wpbc__row\">\n\t\t\t\t<div class=\"wpbc_r_email wpbc__field\"> <label>Email*<\/label><br><span class=\"wpbc_wrap_text wpdev-form-control-wrap email1\"><input type=\"email\" name=\"email1\" value=\"\" autocomplete=\"email\" class=\"wpdev-validates-as-email wpdev-validates-as-required\" size=\"40\" \/><\/span> <\/div>\n\n\t\t\t\t<div class=\"wpbc_r_visitors wpbc__field\"> <label>Tipo Empresa*<\/label><br><span class=\"wpbc_wrap_select wpdev-form-control-wrap visitors1\"><select onchange=\"javascript:if(typeof( wpbc_show_cost_hints_after_few_seconds )=='function'){wpbc_show_cost_hints_after_few_seconds(1);}\" name=\"visitors1\" autocomplete=\"visitors\" class=\"wpdev-validates-as-required\"><option value=\"ME - R$ 10.000,00\">ME - R$ 10.000,00<\/option><option value=\"MEI - R$ 5.000,00\">MEI - R$ 5.000,00<\/option><option value=\"Aut\u00f4nomo - R$ 5.000,00\">Aut\u00f4nomo - R$ 5.000,00<\/option><\/select><\/span> <\/div>\n\t\t\t<\/div>\n\t\t\t<div class=\"wpbc__row\">\n\t\t\t\t<div class=\"wpbc_r_phone wpbc__field\"> <label>Telefone<\/label><br><span class=\"wpbc_wrap_text wpdev-form-control-wrap phone1\"><input type=\"text\" name=\"phone1\" value=\"\" autocomplete=\"phone\" size=\"40\" \/><\/span> <\/div>\n\t\t\t<\/div>\n\t\t\t<div class=\"wpbc__row\">\n\t\t\t\t<div class=\"wpbc_r_rangetime wpbc__field\"> <label>Hor\u00e1rio*<\/label><br><span class=\"wpbc_wrap_select wpdev-form-control-wrap rangetime1\"><select onchange=\"javascript:if(typeof( wpbc_show_cost_hints_after_few_seconds )=='function'){wpbc_show_cost_hints_after_few_seconds(1);}\" name=\"rangetime1\" autocomplete=\"rangetime\" class=\"wpdev-validates-as-required\"><option value=\"08:15 - 08:30\">8:15 AM - 8:30 AM<\/option><option value=\"08:30 - 08:45\">8:30 AM - 8:45 AM<\/option><option value=\"08:45 - 09:00\">8:45 AM - 9:00 AM<\/option><option value=\"09:00 - 09:15\">9:00 AM - 9:15 AM<\/option><option value=\"09:15 - 09:30\">9:15 AM - 9:30 AM<\/option><option value=\"09:30 - 09:45\">9:30 AM - 9:45 AM<\/option><option value=\"09:45 - 10:00\">9:45 AM - 10:00 AM<\/option><option value=\"10:00 - 10:15\">10:00 AM - 10:15 AM<\/option><option value=\"10:15 - 10:30\">10:15 AM - 10:30 AM<\/option><option value=\"10:30 - 10:45\">10:30 AM - 10:45 AM<\/option><option value=\"10:45 - 11:00\">10:45 AM - 11:00 AM<\/option><option value=\"11:00 - 11:15\">11:00 AM - 11:15 AM<\/option><option value=\"11:15 - 11:30\">11:15 AM - 11:30 AM<\/option><option value=\"11:30 - 11:45\">11:30 AM - 11:45 AM<\/option><option value=\"11:45 - 12:00\">11:45 AM - 12:00 PM<\/option><option value=\"12:00 - 12:15\">12:00 PM - 12:15 PM<\/option><option value=\"13:30 - 13:45\">1:30 PM - 1:45 PM<\/option><option value=\"13:45 - 14:00\">1:45 PM - 2:00 PM<\/option><option value=\"14:00 - 14:15\">2:00 PM - 2:15 PM<\/option><option value=\"14:15 - 14:30\">2:15 PM - 2:30 PM<\/option><option value=\"14:30 - 14:45\">2:30 PM - 2:45 PM<\/option><option value=\"14:45 - 15:00\">2:45 PM - 3:00 PM<\/option><option value=\"15:00 - 15:15\">3:00 PM - 3:15 PM<\/option><option value=\"15:15 - 15:30\">3:15 PM - 3:30 PM<\/option><option value=\"15:30 - 15:45\">3:30 PM - 3:45 PM<\/option><option value=\"15:45 - 16:00\">3:45 PM - 4:00 PM<\/option><option value=\"16:00 - 16:15\">4:00 PM - 4:15 PM<\/option><option value=\"16:15 - 16:30\">4:15 PM - 4:30 PM<\/option><option value=\"16:30 - 16:45\">4:30 PM - 4:45 PM<\/option><option value=\"16:45 - 17:00\">4:45 PM - 5:00 PM<\/option><option value=\"17:00 - 17:15\">5:00 PM - 5:15 PM<\/option><option value=\"17:15 - 17:30\">5:15 PM - 5:30 PM<\/option><\/select><\/span> <\/div>\n\t\t\t<\/div>\n\t\t\t<div class=\"wpbc__row\">\n\t\t\t\t<div class=\"wpbc_r_captcha wpbc__field\"> <label><\/label><br><span class=\"wpbc_text_captcha_container wpdev-form-control-wrap \"><input  autocomplete=\"off\" type=\"hidden\" name=\"wpdev_captcha_challenge_1\"  id=\"wpdev_captcha_challenge_1\" value=\"582225662\" \/><input  autocomplete=\"off\" type=\"text\" class=\"captachinput\" value=\"\" name=\"captcha_input1\" id=\"captcha_input1\" \/><img decoding=\"async\" class=\"captcha_img\"  id=\"captcha_img1\" alt=\"To show CAPTCHA, please deactivate cache plugin or exclude this page from caching or disable CAPTCHA at WP Booking Calendar - Settings General page in Form Options section.\" src=\"http:\/\/www.indaial.sc.gov.br\/empreendedor\/wp-content\/plugins\/booking\/js\/captcha\/tmp\/582225662.png\" \/><\/span> <\/div>\n\t\t\t<\/div>\n\t\t\t<div class=\"wpbc__row\">\n\t\t\t\t<div class=\"wpbc_r_submit wpbc__field\"><input type=\"button\" value=\"Enviar\" class=\"wpbc_button_light  btn btn\" onclick=\"wpbc_booking_form_submit(this.form,1, 'pt_BR');\" \/> <\/div>\n\t\t\t<\/div>\n<\/div>\n<\/div><input id=\"bk_type1\" name=\"bk_type1\" class=\"\" type=\"hidden\" value=\"1\" \/><\/div><div id=\"submiting1\"><\/div><div class=\"form_bk_messages\" id=\"form_bk_messages1\" ><\/div><input type=\"hidden\" id=\"wpbc_nonceCALCULATE_THE_COST1\" name=\"wpbc_nonceCALCULATE_THE_COST1\" value=\"a3e9e4c4da\" \/><input type=\"hidden\" name=\"_wp_http_referer\" value=\"\/empreendedor\/index.php\/wp-json\/wp\/v2\/pages\/1963\" \/><\/form><\/div><div id=\"booking_form_garbage1\" class=\"booking_form_garbage\"><\/div> <\/div>\n                    \n\n                    \n                    <p><\/p>\n                    \n                  <\/div>\n                <\/div>\n              <\/div>\n            <\/div>\n          <\/div>\n        <\/div>\n      <\/div>\n    <\/div>\n  <\/div>\n<\/div>","protected":false},"excerpt":{"rendered":"<p>Programa suspenso O munic\u00edpio de Indaial com o intuito de auxiliar os empreendedores da cidade a superarem a crise gerada pelo per\u00edodo de quarentena instituiu, por meio da Lei Municipal 5775\/2020, o programa Indaial Juro Zero, o qual disponibilizar\u00e1 o financiamento, \u00e0s empresas ME, de at\u00e9 R$ 10 mil e, aos MEI\u00b4s, de at\u00e9 R$ [&hellip;]<\/p>\n","protected":false},"author":1,"featured_media":0,"parent":0,"menu_order":0,"comment_status":"closed","ping_status":"closed","template":"page-templates\/full-width-page.php","meta":{"footnotes":""},"class_list":["post-1963","page","type-page","status-publish","hentry"],"_links":{"self":[{"href":"http:\/\/www.indaial.sc.gov.br\/empreendedor\/index.php\/wp-json\/wp\/v2\/pages\/1963","targetHints":{"allow":["GET"]}}],"collection":[{"href":"http:\/\/www.indaial.sc.gov.br\/empreendedor\/index.php\/wp-json\/wp\/v2\/pages"}],"about":[{"href":"http:\/\/www.indaial.sc.gov.br\/empreendedor\/index.php\/wp-json\/wp\/v2\/types\/page"}],"author":[{"embeddable":true,"href":"http:\/\/www.indaial.sc.gov.br\/empreendedor\/index.php\/wp-json\/wp\/v2\/users\/1"}],"replies":[{"embeddable":true,"href":"http:\/\/www.indaial.sc.gov.br\/empreendedor\/index.php\/wp-json\/wp\/v2\/comments?post=1963"}],"version-history":[{"count":20,"href":"http:\/\/www.indaial.sc.gov.br\/empreendedor\/index.php\/wp-json\/wp\/v2\/pages\/1963\/revisions"}],"predecessor-version":[{"id":6146,"href":"http:\/\/www.indaial.sc.gov.br\/empreendedor\/index.php\/wp-json\/wp\/v2\/pages\/1963\/revisions\/6146"}],"wp:attachment":[{"href":"http:\/\/www.indaial.sc.gov.br\/empreendedor\/index.php\/wp-json\/wp\/v2\/media?parent=1963"}],"curies":[{"name":"wp","href":"https:\/\/api.w.org\/{rel}","templated":true}]}}